{"id":79235,"date":"2026-09-04T16:14:22","date_gmt":"2026-09-04T15:14:22","guid":{"rendered":"https:\/\/bolsadeempregabilidade.pt\/?post_type=job_listing&#038;p=79235"},"modified":"2026-09-04T16:14:52","modified_gmt":"2026-09-04T15:14:52","slug":"part-time-sazonal-temporario-monitoresas-animadoresas","status":"publish","type":"job_listing","link":"https:\/\/bolsadeempregabilidade.pt\/en\/vaga\/part-time-sazonal-temporario-monitoresas-animadoresas\/","title":{"rendered":"Monitores(as) &amp; Animadores(as)"},"content":{"rendered":"<p>A La\u00e7arote Group est\u00e1 a recrutar <strong>Animadores(as) \/ Monitores(as)<\/strong> para integrar diferentes projetos de Norte a Sul de Portugal, nomeadamente em centros comerciais, eventos, hot\u00e9is e espa\u00e7os de entretenimento. Procuramos profissionais din\u00e2micos, comunicativos e respons\u00e1veis, com gosto pelo contacto com o p\u00fablico e capacidade para proporcionar experi\u00eancias divertidas, envolventes e memor\u00e1veis a crian\u00e7as, jovens e fam\u00edlias.<\/p>\n<p>&nbsp;<\/p>\n<p><strong>Functions:<\/strong><\/p>\n<p>Dinamiza\u00e7\u00e3o de atividades recreativas e de entretenimento;<br \/>\nAcompanhamento e monitoriza\u00e7\u00e3o dos participantes;<br \/>\nOrganiza\u00e7\u00e3o e realiza\u00e7\u00e3o de jogos, atividades e momentos de anima\u00e7\u00e3o;<br \/>\nIntera\u00e7\u00e3o com crian\u00e7as, jovens, fam\u00edlias e p\u00fablico em geral;<br \/>\nApoio na prepara\u00e7\u00e3o e organiza\u00e7\u00e3o dos espa\u00e7os e materiais;<br \/>\nGarantir o cumprimento das regras de seguran\u00e7a durante as atividades;<br \/>\nPromover um ambiente divertido, positivo e acolhedor;<br \/>\nApoio em a\u00e7\u00f5es promocionais, eventos e ativa\u00e7\u00f5es de marca;<br \/>\nColabora\u00e7\u00e3o com as equipas respons\u00e1veis pela organiza\u00e7\u00e3o dos eventos e espa\u00e7os.<\/p>\n<p>&nbsp;<\/p>\n<p><strong>Requirements:<\/strong><\/p>\n<p>Experi\u00eancia em anima\u00e7\u00e3o, eventos, monitoriza\u00e7\u00e3o ou atendimento ao p\u00fablico ser\u00e1 valorizada;<br \/>\nBoa capacidade de comunica\u00e7\u00e3o e intera\u00e7\u00e3o com o p\u00fablico;<br \/>\nPerfil din\u00e2mico, divertido, respons\u00e1vel e proativo;<br \/>\nGosto pelo trabalho com crian\u00e7as e fam\u00edlias;<br \/>\nAbility to work in a team;<br \/>\nBoa apresenta\u00e7\u00e3o e postura profissional;<br \/>\nSentido de responsabilidade e facilidade de adapta\u00e7\u00e3o;<br \/>\nDisponibilidade para trabalhar em hor\u00e1rios flex\u00edveis, incluindo fins de semana e feriados;<br \/>\nDisponibilidade para trabalhar em diferentes locais, de Norte a Sul de Portugal;<br \/>\nForma\u00e7\u00e3o na \u00e1rea de Anima\u00e7\u00e3o Sociocultural, Educa\u00e7\u00e3o ou similar ser\u00e1 valorizada.<\/p>\n<p>&nbsp;<\/p>\n<p><strong>We offer:<\/strong><\/p>\n<p>Vencimento Base + Subs\u00eddio de Alimenta\u00e7\u00e3o, de acordo com o projeto;<br \/>\nIntegra\u00e7\u00e3o em projetos diversificados em centros comerciais, hot\u00e9is e eventos;<br \/>\nPossibilidade de participa\u00e7\u00e3o em diferentes a\u00e7\u00f5es e campanhas;<br \/>\nOportunidade de desenvolver experi\u00eancia na \u00e1rea de eventos e anima\u00e7\u00e3o;<br \/>\nPossibilidade de continuidade em futuros projetos da La\u00e7arote Group.<\/p>\n<p>&nbsp;<\/p>\n<p><strong>Mais informa\u00e7\u00f5es sobre esta e outras vagas em: https:\/\/www.lacarote.com\/ofertas-de-emprego<\/strong><\/p>\n<p>&nbsp;<\/p>\n<p>&nbsp;<\/p>","protected":false},"excerpt":{"rendered":"<p>A La\u00e7arote Group est\u00e1 a recrutar Animadores(as) \/ Monitores(as) para integrar diferentes projetos de Norte a Sul de Portugal, nomeadamente em centros comerciais, eventos, hot\u00e9is e espa\u00e7os de entretenimento. Procuramos&#8230;<\/p>","protected":false},"author":23107,"featured_media":0,"template":"","meta":{"_promoted":"","_company_facebook":"","_company_name":"","_company_website":"","_company_tagline":"","_company_twitter":"","_company_video":"","_filled":0,"_featured":0,"_hide_expiration":"","_job_salary_currency":"","_job_salary_unit":""},"job_listing_region":[4974],"job-categories":[115],"job-types":[3,241,4],"job_listing_tag":[1233,1037,7532,404,7645],"class_list":["post-79235","job_listing","type-job_listing","status-publish","hentry","job_listing_region-todas","job_listing_category-animacao-desporto","job_listing_type-part-time","job_listing_type-sazonal","job_listing_type-temporario","job_listing_tag-experiencia","job_listing_tag-organizacao","job_listing_tag-rapidez","job_listing_tag-trabalho-em-equipa","job_listing_tag-vigor","job-type-part-time","job-type-sazonal","job-type-trabalho-temporario"],"_links":{"self":[{"href":"https:\/\/bolsadeempregabilidade.pt\/en\/wp-json\/wp\/v2\/job-listings\/79235","targetHints":{"allow":["GET"]}}],"collection":[{"href":"https:\/\/bolsadeempregabilidade.pt\/en\/wp-json\/wp\/v2\/job-listings"}],"about":[{"href":"https:\/\/bolsadeempregabilidade.pt\/en\/wp-json\/wp\/v2\/types\/job_listing"}],"author":[{"embeddable":true,"href":"https:\/\/bolsadeempregabilidade.pt\/en\/wp-json\/wp\/v2\/users\/23107"}],"version-history":[{"count":2,"href":"https:\/\/bolsadeempregabilidade.pt\/en\/wp-json\/wp\/v2\/job-listings\/79235\/revisions"}],"predecessor-version":[{"id":79237,"href":"https:\/\/bolsadeempregabilidade.pt\/en\/wp-json\/wp\/v2\/job-listings\/79235\/revisions\/79237"}],"wp:attachment":[{"href":"https:\/\/bolsadeempregabilidade.pt\/en\/wp-json\/wp\/v2\/media?parent=79235"}],"wp:term":[{"taxonomy":"job_listing_region","embeddable":true,"href":"https:\/\/bolsadeempregabilidade.pt\/en\/wp-json\/wp\/v2\/job_listing_region?post=79235"},{"taxonomy":"job_listing_category","embeddable":true,"href":"https:\/\/bolsadeempregabilidade.pt\/en\/wp-json\/wp\/v2\/job-categories?post=79235"},{"taxonomy":"job_listing_type","embeddable":true,"href":"https:\/\/bolsadeempregabilidade.pt\/en\/wp-json\/wp\/v2\/job-types?post=79235"},{"taxonomy":"job_listing_tag","embeddable":true,"href":"https:\/\/bolsadeempregabilidade.pt\/en\/wp-json\/wp\/v2\/job_listing_tag?post=79235"}],"curies":[{"name":"wp","href":"https:\/\/api.w.org\/{rel}","templated":true}]}}